{"id":1851,"date":"2024-06-08T23:58:27","date_gmt":"2024-06-08T21:58:27","guid":{"rendered":"https:\/\/www.k6gestioncultural.com\/nuestros-servicios\/topaketak-eta-hitzaldiak\/"},"modified":"2024-11-07T11:38:34","modified_gmt":"2024-11-07T10:38:34","slug":"topaketak-eta-hitzaldiak","status":"publish","type":"servicios","link":"https:\/\/k6gestioncultural.com\/eu\/gure-zerbitzuak\/topaketak-eta-hitzaldiak\/","title":{"rendered":"Topaketak eta hitzaldiak"},"content":{"rendered":"\n<div class=\"wp-block-columns is-not-stacked-on-mobile is-layout-flex wp-container-core-columns-is-layout-9d6595d7 wp-block-columns-is-layout-flex\">\n<div class=\"wp-block-column is-layout-flow wp-block-column-is-layout-flow\"><\/div>\n\n\n\n<div class=\"wp-block-column is-layout-flow wp-block-column-is-layout-flow\">\n<p>A partir de nuestros \u00e1mbitos de especializaci\u00f3n, de la investigaci\u00f3n contin\u00faa y nuestra experiencia diaria, detectamos tendencias, creamos espacios de encuentro y debate, dise\u00f1amos experiencias formativas e impartimos cursos y talleres. Generamos proyectos propios y a su vez, creamos programas formativos a demanda de las necesidades de personas, estudiantes e instituciones culturales.<\/p>\n\n\n\n<p>Para ello, contamos con nuestro equipo y una red de personas colaboradoras de perfiles diversos. <\/p>\n\n\n\n<p>Nuestros trabajos: Dise\u00f1o de las Jornadas Profesionales Saio Irekia (10\u00aa ed.), Curso de formaci\u00f3n Errazbide, Talleres online Museos y Accesibilidad, Curso de formaci\u00f3n Ibermuseos.<\/p>\n\n\n\n<ul class=\"wp-block-list\">\n<li>Ideia eta programaren diseinua<\/li>\n\n\n\n<li>Komisariotza eta edukien komisarioa<\/li>\n\n\n\n<li>Producci\u00f3n y gesti\u00f3n log\u00edstica<\/li>\n\n\n\n<li>Ediciones, publicaciones<\/li>\n<\/ul>\n<\/div>\n<\/div>\n\n<div class=\"wp-block-cover is-light\"><span aria-hidden=\"true\" class=\"wp-block-cover__background has-purple-background-color has-background-dim-100 has-background-dim\"><\/span><div class=\"wp-block-cover__inner-container is-layout-constrained wp-block-cover-is-layout-constrained\">\n<div style=\"height:80px\" aria-hidden=\"true\" class=\"wp-block-spacer\"><\/div>\n\n\n\n<div class=\"wp-block-columns are-vertically-aligned-center is-layout-flex wp-container-core-columns-is-layout-9d6595d7 wp-block-columns-is-layout-flex\">\n<div class=\"wp-block-column is-vertically-aligned-center is-layout-flow wp-block-column-is-layout-flow\">\n<h3 class=\"wp-block-heading\">Sensibilizar y despertar conciencia de manera l\u00fadica y experiencial<\/h3>\n<\/div>\n\n\n\n<div class=\"wp-block-column is-vertically-aligned-center is-layout-flow wp-block-column-is-layout-flow\">            <div class=\"block-project block-project-arrow\">\n            <a href=\"https:\/\/k6gestioncultural.com\/eu\/gure-proiektuak\/mugak\/\">\n                                    \n                        <picture class=\"image default\">\n                                <source media=\"(min-width: 993px)\" srcset=\"https:\/\/k6gestioncultural.com\/wp-content\/uploads\/2024\/06\/portada-bienal.jpg\"\/>    \n                <source media=\"(min-width: 769px)\" srcset=\"https:\/\/k6gestioncultural.com\/wp-content\/uploads\/2024\/06\/portada-bienal-992x743.jpg\"\/>\n                <source media=\"(min-width: 451px)\" srcset=\"https:\/\/k6gestioncultural.com\/wp-content\/uploads\/2024\/06\/portada-bienal-768x575.jpg\"\/>\n                <source media=\"(min-width: 0)\" srcset=\"https:\/\/k6gestioncultural.com\/wp-content\/uploads\/2024\/06\/portada-bienal-450x337.jpg, https:\/\/k6gestioncultural.com\/wp-content\/uploads\/2024\/06\/portada-bienal-900x674.jpg 2x\"\/>\n                                    <img decoding=\"async\" class=\"\" src=\"https:\/\/k6gestioncultural.com\/wp-content\/uploads\/2024\/06\/portada-bienal.jpg\" srcset=\"https:\/\/k6gestioncultural.com\/wp-content\/uploads\/2024\/06\/portada-bienal.jpg\" alt=\"\" title=\"portada bienal\">\n                            <\/picture>\n            \n                            <\/a>\n                \n            <div class=\"btns\">\n                <a class=\"btn-secondary\" href=\"https:\/\/k6gestioncultural.com\/eu\/gure-proiektuak\/mugak\/\">Mugak<\/a>\n                <a class=\"btn-primary\" href=\"https:\/\/k6gestioncultural.com\/eu\/gure-proiektuak\/mugak\/\">\n                    Arkitekturari buruzko eztabaida globala                    \n<span class=\"icon\">\n            <svg xmlns=\"http:\/\/www.w3.org\/2000\/svg\" width=\"7.649\" height=\"8.68\" viewBox=\"0 0 7.649 8.68\">\n  <g id=\"Grupo_747\" data-name=\"Grupo 747\" transform=\"translate(-2631.386 -911.184)\">\n    <path id=\"Trazado_2212\" data-name=\"Trazado 2212\" d=\"M2635.024,911.891l3.331,3.331a.429.429,0,0,1,0,.6l-3.331,3.331\" fill=\"none\" stroke=\"#fff\" stroke-linecap=\"round\" stroke-miterlimit=\"10\" stroke-width=\"1\"\/>\n    <line id=\"L\u00ednea_5\" data-name=\"L\u00ednea 5\" x1=\"6.441\" transform=\"translate(2631.886 915.524)\" fill=\"none\" stroke=\"#fff\" stroke-linecap=\"round\" stroke-miterlimit=\"10\" stroke-width=\"1\"\/>\n  <\/g>\n<\/svg>\n    <\/span>                <\/a>\n                \n            <\/div>\n            \n        <\/div>\n    <\/div>\n<\/div>\n\n\n\n<div style=\"height:80px\" aria-hidden=\"true\" class=\"wp-block-spacer\"><\/div>\n<\/div><\/div>\n","protected":false},"excerpt":{"rendered":"<p>A partir de nuestros \u00e1mbitos de especializaci\u00f3n, de la investigaci\u00f3n contin\u00faa y nuestra experiencia diaria, detectamos tendencias, creamos espacios de encuentro y debate, dise\u00f1amos experiencias formativas e impartimos cursos y talleres. Generamos proyectos propios y a su vez, creamos programas formativos a demanda de las necesidades de personas, estudiantes e instituciones culturales. Para ello, contamos [&hellip;]<\/p>\n","protected":false},"author":3,"featured_media":0,"parent":0,"menu_order":0,"template":"","tags":[],"class_list":["post-1851","servicios","type-servicios","status-publish","hentry"],"acf":[],"_links":{"self":[{"href":"https:\/\/k6gestioncultural.com\/eu\/wp-json\/wp\/v2\/servicios\/1851","targetHints":{"allow":["GET"]}}],"collection":[{"href":"https:\/\/k6gestioncultural.com\/eu\/wp-json\/wp\/v2\/servicios"}],"about":[{"href":"https:\/\/k6gestioncultural.com\/eu\/wp-json\/wp\/v2\/types\/servicios"}],"author":[{"embeddable":true,"href":"https:\/\/k6gestioncultural.com\/eu\/wp-json\/wp\/v2\/users\/3"}],"wp:attachment":[{"href":"https:\/\/k6gestioncultural.com\/eu\/wp-json\/wp\/v2\/media?parent=1851"}],"wp:term":[{"taxonomy":"post_tag","embeddable":true,"href":"https:\/\/k6gestioncultural.com\/eu\/wp-json\/wp\/v2\/tags?post=1851"}],"curies":[{"name":"wp","href":"https:\/\/api.w.org\/{rel}","templated":true}]}}